{"id":16909,"date":"2024-01-12T16:09:32","date_gmt":"2024-01-12T15:09:32","guid":{"rendered":"https:\/\/katrin-maier.com\/?page_id=16909"},"modified":"2024-01-13T11:37:35","modified_gmt":"2024-01-13T10:37:35","slug":"datenschutz","status":"publish","type":"page","link":"https:\/\/katrin-maier.com\/index.php\/datenschutz\/","title":{"rendered":"Datenschutz"},"content":{"rendered":"\t\t<div data-elementor-type=\"wp-page\" data-elementor-id=\"16909\" class=\"elementor elementor-16909\" data-elementor-settings=\"{&quot;ha_cmc_init_switcher&quot;:&quot;no&quot;}\" data-elementor-post-type=\"page\">\n\t\t\t\t\t\t<section class=\"elementor-section elementor-top-section elementor-element elementor-element-4e76525d elementor-section-boxed elementor-section-height-default elementor-section-height-default\" data-id=\"4e76525d\" data-element_type=\"section\" data-e-type=\"section\" data-settings=\"{&quot;background_background&quot;:&quot;classic&quot;,&quot;_ha_eqh_enable&quot;:false}\">\n\t\t\t\t\t\t\t<div class=\"elementor-background-overlay\"><\/div>\n\t\t\t\t\t\t\t<div class=\"elementor-container elementor-column-gap-default\">\n\t\t\t\t\t<div class=\"elementor-column elementor-col-100 elementor-top-column elementor-element elementor-element-3945243e\" data-id=\"3945243e\" data-element_type=\"column\" data-e-type=\"column\">\n\t\t\t<div class=\"elementor-widget-wrap elementor-element-populated\">\n\t\t\t\t\t\t<div class=\"elementor-element elementor-element-4971bb4e elementor-widget elementor-widget-spacer\" data-id=\"4971bb4e\" data-element_type=\"widget\" data-e-type=\"widget\" data-widget_type=\"spacer.default\">\n\t\t\t\t<div class=\"elementor-widget-container\">\n\t\t\t\t\t\t\t<div class=\"elementor-spacer\">\n\t\t\t<div class=\"elementor-spacer-inner\"><\/div>\n\t\t<\/div>\n\t\t\t\t\t\t<\/div>\n\t\t\t\t<\/div>\n\t\t\t\t\t<\/div>\n\t\t<\/div>\n\t\t\t\t\t<\/div>\n\t\t<\/section>\n\t\t\t\t<section class=\"elementor-section elementor-top-section elementor-element elementor-element-19916fc4 elementor-section-boxed elementor-section-height-default elementor-section-height-default\" data-id=\"19916fc4\" data-element_type=\"section\" data-e-type=\"section\" data-settings=\"{&quot;_ha_eqh_enable&quot;:false}\">\n\t\t\t\t\t\t<div class=\"elementor-container elementor-column-gap-default\">\n\t\t\t\t\t<div class=\"elementor-column elementor-col-100 elementor-top-column elementor-element elementor-element-669b6190\" data-id=\"669b6190\" data-element_type=\"column\" data-e-type=\"column\">\n\t\t\t<div class=\"elementor-widget-wrap elementor-element-populated\">\n\t\t\t\t\t\t<div class=\"elementor-element elementor-element-1e30fbe8 elementor-widget elementor-widget-heading\" data-id=\"1e30fbe8\" data-element_type=\"widget\" data-e-type=\"widget\" data-widget_type=\"heading.default\">\n\t\t\t\t<div class=\"elementor-widget-container\">\n\t\t\t\t\t<h2 class=\"elementor-heading-title elementor-size-default\">Datenschutz<\/h2>\t\t\t\t<\/div>\n\t\t\t\t<\/div>\n\t\t\t\t<div class=\"elementor-element elementor-element-72ab8ac4 elementor-widget elementor-widget-text-editor\" data-id=\"72ab8ac4\" data-element_type=\"widget\" data-e-type=\"widget\" data-widget_type=\"text-editor.default\">\n\t\t\t\t<div class=\"elementor-widget-container\">\n\t\t\t\t\t\t\t\t\t<p style=\"text-align: left;\"><strong>I. Name und Anschrift des Verantwortlichen<br \/><\/strong>Der Verantwortliche im Sinne der Datenschutz-Grundverordnung und anderer nationaler<br \/>Datenschutzgesetze der Mitgliedsstaaten sowie sonstiger datenschutzrechtlicher Bestimmungen ist:<\/p><p style=\"text-align: left;\">\u00a0<\/p><p style=\"padding-left: 40px;\">Frau Katrin Maier<br \/>Fredersdorferstr. 10<br \/>10243 Berlin<br \/>E-Mail: info@katrin-maier.com<\/p><p style=\"padding-left: 40px;\">\u00a0<\/p><p><strong>II.<\/strong> <strong>Allgemeines zur Datenverarbeitung<\/strong><\/p><p><b><br \/><\/b>1. \u00a0Umfang der Verarbeitung personenbezogener Daten<br \/>Wir verarbeiten personenbezogene Daten unserer Nutzer grunds\u00e4tzlich nur, soweit dies zur<br \/>Bereitstellung einer funktionsf\u00e4higen Website sowie unserer Inhalte und Leistungen erforderlich ist.<br \/>Die Verarbeitung personenbezogener Daten unserer Nutzer erfolgt regelm\u00e4\u00dfig nur nach Einwilligung<br \/>des Nutzers. Eine Ausnahme gilt in solchen F\u00e4llen, in denen eine vorherige Einholung einer<br \/>Einwilligung aus tats\u00e4chlichen Gr\u00fcnden nicht m\u00f6glich ist und die Verarbeitung der Daten durch<br \/>gesetzliche Vorschriften gestattet ist.<\/p><p>\u00a0<\/p><p>2. \u00a0Rechtsgrundlage f\u00fcr die Verarbeitung personenbezogener Daten<br \/>Soweit wir f\u00fcr Verarbeitungsvorg\u00e4nge personenbezogener Daten eine Einwilligung der betroffenen<br \/>Person einholen, dient Art. 6 Abs. 1 lit. a EU-Datenschutzgrundverordnung (DSGVO) als<br \/>Rechtsgrundlage. Bei der Verarbeitung von personenbezogenen Daten, die zur Erf\u00fcllung eines<br \/>Vertrages, dessen Vertragspartei die betroffene Person ist, erforderlich ist, dient Art. 6 Abs. 1 lit. b<br \/>DSGVO als Rechtsgrundlage. Dies gilt auch f\u00fcr Verarbeitungsvorg\u00e4nge, die zur Durchf\u00fchrung<br \/>vorvertraglicher Ma\u00dfnahmen erforderlich sind. Soweit eine Verarbeitung personenbezogener Daten<br \/>zur Erf\u00fcllung einer rechtlichen Verpflichtung erforderlich ist, der unser Unternehmen unterliegt, dient<br \/>Art. 6 Abs. 1 lit. c<\/p><p>DSGVO als Rechtsgrundlage. F\u00fcr den Fall, dass lebenswichtige Interessen der betroffenen Person oder<br \/>einer anderen<br \/>nat\u00fcrlichen Person eine Verarbeitung personenbezogener Daten erforderlich machen, dient Art. 6<br \/>Abs. 1 lit. d DSGVO als Rechtsgrundlage. Ist die Verarbeitung zur Wahrung eines berechtigten<br \/>Interesses unseres Unternehmens oder<br \/>eines Dritten erforderlich und \u00fcberwiegen die Interessen, Grundrechte und Grundfreiheiten des<br \/>Betroffenen das erstgenannte Interesse nicht, so dient Art. 6 Abs. 1 lit. f DSGVO als Rechtsgrundlage<br \/>f\u00fcr die Verarbeitung.<\/p><p>3. \u00a0Datenl\u00f6schung und Speicherdauer<br \/>Die personenbezogenen Daten der betroffenen Person werden gel\u00f6scht oder gesperrt, sobald der<br \/>Zweck der Speicherung entf\u00e4llt. Eine Speicherung kann dar\u00fcber hinaus erfolgen, wenn dies durch den<br \/>europ\u00e4ischen oder nationalen Gesetzgeber in unionsrechtlichen Verordnungen, Gesetzen oder<br \/>sonstigen Vorschriften, denen der Verantwortliche unterliegt, vorgesehen wurde. Eine Sperrung oder<br \/>L\u00f6schung der Daten erfolgt auch dann, wenn eine<br \/>durch die genannten Normen vorgeschriebene Speicherfrist abl\u00e4uft, es sei denn, dass eine<br \/>Erforderlichkeit zur weiteren Speicherung der Daten f\u00fcr einen Vertragsabschluss oder eine<br \/>Vertragserf\u00fcllung besteht.<\/p><p>\u00a0<\/p><p><strong>III.<\/strong> <strong>Bereitstellung der Website und Erstellung von Logfiles<\/strong><\/p><p><strong><br \/><\/strong><span style=\"font-size: 16px;\">1. \u00a0Beschreibung und Umfang der Datenverarbeitung<br \/>Bei jedem Aufruf unserer Internetseite erfasst unser System automatisiert Daten und Informationen\u00a0<\/span>vom Computersystem des aufrufenden Rechners. Folgende Daten werden hierbei erhoben:<\/p><p>\u2022 Informationen \u00fcber den Browsertyp und die verwendete Version<br \/>\u2022 Das Betriebssystem des Nutzers<br \/>\u2022 Den Internet-Service-Provider des Nutzers<br \/>\u2022 Die IP-Adresse des Nutzers<br \/>\u2022 Datum und Uhrzeit des Zugriffs<br \/>\u2022 Websites, von denen das System des Nutzers auf unsere Internetseite gelangt<br \/>\u2022 Websites, die vom System des Nutzers \u00fcber unsere Website aufgerufen werden<br \/>Die Daten werden ebenfalls in den Logfiles unseres Systems gespeichert. Eine Speicherung dieser<br \/>Daten zusammen mit anderen personenbezogenen Daten des Nutzers findet nicht statt.<\/p><p>\u00a0<\/p><p>2. \u00a0Rechtsgrundlage f\u00fcr die Datenverarbeitung\u00a0<span style=\"font-size: 16px;\">Rechtsgrundlage f\u00fcr die vor\u00fcbergehende Speicherung der Daten und der Logfiles ist Art. 6 Abs. 1 lit. f<\/span><\/p><p>DSGVO.<\/p><p>\u00a0<\/p><p>3. \u00a0Zweck der Datenverarbeitung<br \/>Die vor\u00fcbergehende Speicherung der IP-Adresse durch das System ist notwendig, um eine<br \/>Auslieferung der Website an den Rechner des Nutzers zu erm\u00f6glichen. Hierf\u00fcr muss die IP-Adresse<br \/>des Nutzers f\u00fcr die Dauer der Sitzung gespeichert bleiben. Die Speicherung in Logfiles erfolgt, um die<br \/>Funktionsf\u00e4higkeit der Website sicherzustellen. Zudem dienen uns die Daten zur Optimierung der<br \/>Website und zur Sicherstellung der Sicherheit unserer informationstechnischen Systeme. Eine<br \/>Auswertung der Daten zu Marketingzwecken findet in diesem Zusammenhang nicht statt. In diesen<br \/>Zwecken liegt auch unser berechtigtes Interesse an der Datenverarbeitung nach Art. 6 Abs. 1 lit. f<br \/>DSGVO.<\/p><p>\u00a0<\/p><p>4. \u00a0Dauer der Speicherung<br \/>Die Daten werden gel\u00f6scht, sobald sie f\u00fcr die Erreichung des Zweckes ihrer Erhebung nicht mehr<br \/>erforderlich sind. Im Falle der Erfassung der Daten zur Bereitstellung der Website ist dies der Fall,<br \/>wenn die jeweilige Sitzung beendet ist. Im Falle der Speicherung der Daten in Logfiles ist dies nach<br \/>sp\u00e4testens sieben Tagen der Fall. Eine dar\u00fcber hinausgehende Speicherung ist m\u00f6glich. In diesem Fall<br \/>werden die IP-Adressen der Nutzer gel\u00f6scht oder verfremdet, sodass eine Zuordnung des<br \/>aufrufenden Clients nicht mehr m\u00f6glich ist.<\/p><p>\u00a0<\/p><p>5. \u00a0Widerspruchs- und Beseitigungsm\u00f6glichkeit<br \/>Die Erfassung der Daten zur Bereitstellung der Website und die Speicherung der Daten in Logfiles ist<br \/>f\u00fcr den Betrieb der Internetseite zwingend erforderlich. Es besteht folglich seitens des Nutzers keine<br \/>Widerspruchsm\u00f6glichkeit.<\/p><p><strong>\u00a0<\/strong><\/p><p><strong>IV. Verwendung von Cookies<\/strong><\/p><p><strong><br \/><\/strong>1. \u00a0 Beschreibung und Umfang der Datenverarbeitung<br \/>Unsere Webseite verwendet Cookies. Bei Cookies handelt es sich um Textdateien, die im<br \/>Internetbrowser bzw. vom Internetbrowser auf dem Computersystem des Nutzers gespeichert<br \/>werden. Ruft ein Nutzer eine Website auf, so kann ein Cookie auf dem Betriebssystem des Nutzers<br \/>gespeichert werden. Dieser Cookie enth\u00e4lt eine charakteristische Zeichenfolge, die eine eindeutige<br \/>Identifizierung des Browsers beim erneuten Aufrufen der Website erm\u00f6glicht. Wir setzen Cookies ein,<br \/>um unsere Website nutzerfreundlicher zu gestalten. Einige<br \/>Elemente unserer Internetseite erfordern es, dass der aufrufende Browser auch nach einem<br \/>Seitenwechsel identifiziert werden kann.<\/p><p>Wir verwenden auf unserer Website dar\u00fcber hinaus Cookies, die eine Analyse des Surfverhaltens der<br \/>Nutzer erm\u00f6glichen. Beim Aufruf unserer Website wird der Nutzer \u00fcber die Verwendung von<br \/>Cookies zu Analysezwecken informiert und seine Einwilligung zur Verarbeitung<br \/>der in diesem Zusammenhang verwendeten personenbezogenen Daten<br \/>eingeholt. In diesem Zusammenhang erfolgt auch ein Hinweis auf diese<br \/>Datenschutzerkl\u00e4rung.<\/p><p>\u00a0<\/p><p>2. \u00a0Rechtsgrundlage f\u00fcr die Datenverarbeitung<br \/>Die Rechtsgrundlage f\u00fcr die Verarbeitung personenbezogener Daten unter Verwendung technisch<br \/>notweniger Cookies ist Art. 6 Abs. 1 lit. f DSGVO. Die Rechtsgrundlage f\u00fcr die Verarbeitung<br \/>personenbezogener Daten unter<br \/>Verwendung von Cookies zu Analysezwecken ist bei Vorliegen einer diesbez\u00fcglichen Einwilligung des<br \/>Nutzers Art. 6 Abs. 1 lit. a DSGVO.<\/p><p>\u00a0<\/p><p>3. \u00a0Zweck der Datenverarbeitung<br \/><span style=\"font-size: 16px;\">Der Zweck der Verwendung technisch notwendiger Cookies ist, die Nutzung von Websites f\u00fcr die\u00a0<\/span>Nutzer zu vereinfachen. Einige Funktionen unserer Internetseite k\u00f6nnen ohne den Einsatz von<br \/>Cookies nicht angeboten werden. F\u00fcr diese ist es erforderlich, dass der Browser auch nach einem<br \/>Seitenwechsel wiedererkannt wird. Die durch technisch notwendige Cookies erhobenen Nutzerdaten<br \/>werden nicht zur Erstellung von Nutzerprofilen verwendet. Die Verwendung der Analyse-Cookies<br \/>erfolgt zu dem Zweck, die Qualit\u00e4t unserer Website und ihre Inhalte zu verbessern. Durch die<br \/>Analyse-Cookies erfahren wir, wie die Website genutzt wird und k\u00f6nnen so unser Angebot stetig<br \/>optimieren. In diesen Zwecken liegt auch unser berechtigtes Interesse in der Verarbeitung der<br \/>personenbezogenen Daten nach Art. 6 Abs. 1 lit. f DSGVO.<\/p><p>\u00a0<\/p><p>4. \u00a0Dauer der Speicherung, Widerspruchs- und Beseitigungsm\u00f6glichkeiten<br \/>Cookies werden auf dem Rechner des Nutzers gespeichert und von diesem an unserer Seite<br \/>\u00fcbermittelt. Daher haben Sie als Nutzer auch die volle Kontrolle \u00fcber die Verwendung von Cookies.<br \/>Durch eine \u00c4nderung der Einstellungen in Ihrem Internetbrowser k\u00f6nnen Sie die \u00dcbertragung von<br \/>Cookies deaktivieren oder einschr\u00e4nken. Bereits gespeicherte Cookies k\u00f6nnen jederzeit gel\u00f6scht<br \/>werden. Dies kann auch automatisiert erfolgen. Werden Cookies f\u00fcr unsere Website deaktiviert,<br \/>k\u00f6nnen m\u00f6glicherweise nicht mehr alle Funktionen der Website vollumf\u00e4nglich genutzt werden.<br \/>V. Kontaktformular und E-Mail-Kontakt<\/p><p>1. \u00a0Beschreibung und Umfang der Datenverarbeitung<br \/>Auf unserer Internetseite ist ein Kontaktformular vorhanden, welches f\u00fcr die elektronische<br \/>Kontaktaufnahme genutzt werden kann. Nimmt ein Nutzer diese M\u00f6glichkeit wahr, so werden die in<br \/>der Eingabemaske eingegeben Daten an uns \u00fcbermittelt und gespeichert.<\/p><p>Diese Daten sind:<\/p><p><br \/>\u2022 Vor- und Nachname<br \/>\u2022 E-Mail-Adresse<br \/>\u2022 Telefonnummer<br \/>\u2022 Anliegen<\/p><p>\u00a0<\/p><p>Im Zeitpunkt der Absendung der Nachricht werden zudem folgende Daten gespeichert:<\/p><p>\u2022 Die IP-Adresse des Nutzers<br \/>\u2022 Datum und Uhrzeit der Registrierung<br \/>F\u00fcr die Verarbeitung der Daten wird im Rahmen des Absendevorgangs Ihre Einwilligung eingeholt<br \/>und auf diese Datenschutzerkl\u00e4rung verwiesen.<br \/>Alternativ ist eine Kontaktaufnahme \u00fcber die bereitgestellte E-Mail-Adresse m\u00f6glich. In diesem Fall<br \/>werden die mit der E-Mail \u00fcbermittelten personenbezogenen Daten des Nutzers gespeichert. Es<br \/>erfolgt in diesem Zusammenhang keine Weitergabe der Daten an Dritte. Die Daten werden<br \/>ausschlie\u00dflich f\u00fcr die Verarbeitung der Konversation verwendet.<\/p><p>2. \u00a0Rechtsgrundlage f\u00fcr die Datenverarbeitung<br \/>Rechtsgrundlage f\u00fcr die Verarbeitung der Daten ist bei Vorliegen einer Einwilligung des Nutzers Art. 6<br \/>Abs. 1 lit. a DSGVO. Rechtsgrundlage f\u00fcr die Verarbeitung der Daten, die im Zuge einer \u00dcbersendung<br \/>einer E-Mail \u00fcbermittelt werden, ist Art. 6 Abs. 1 lit. f DSGVO. Zielt der E-Mail-Kontakt auf den<br \/>Abschluss eines Vertrages ab, so ist zus\u00e4tzliche Rechtsgrundlage f\u00fcr die Verarbeitung Art. 6 Abs. 1 lit.<br \/>b DSGVO.<\/p><p>\u00a0<\/p><p>3. \u00a0Zweck der Datenverarbeitung<br \/>Die Verarbeitung der personenbezogenen Daten aus der Eingabemaske dient uns allein zur<br \/>Bearbeitung der Kontaktaufnahme. Im Falle einer Kontaktaufnahme per E-Mail liegt hieran auch das<br \/>erforderliche berechtigte Interesse an der Verarbeitung der Daten. Die sonstigen w\u00e4hrend des<br \/>Absendevorgangs verarbeiteten personenbezogenen Daten dienen dazu, einen Missbrauch des<br \/>Kontaktformulars zu verhindern und die Sicherheit<br \/>unserer informationstechnischen Systeme sicherzustellen.<\/p><p>\u00a0<\/p><p>4. \u00a0Dauer der Speicherung<br \/>Die Daten werden gel\u00f6scht, sobald sie f\u00fcr die Erreichung des Zweckes ihrer Erhebung nicht mehr<br \/>erforderlich sind. F\u00fcr die personenbezogenen Daten aus der Eingabemaske des Kontaktformulars und<br \/>diejenigen, die per E-Mail \u00fcbersandt wurden, ist dies dann der Fall, wenn die jeweilige Konversation<br \/>mit dem Nutzer beendet ist. Beendet ist die Konversation dann, wenn sich aus den Umst\u00e4nden<br \/>entnehmen l\u00e4sst, dass der betroffene Sachverhalt<br \/>abschlie\u00dfend gekl\u00e4rt ist. Die w\u00e4hrend des Absendevorgangs zus\u00e4tzlich erhobenen<br \/>personenbezogenen Daten werden sp\u00e4testens nach einer Frist von sieben Tagen gel\u00f6scht.<\/p><p>\u00a0<\/p><p>5. \u00a0Widerspruchs- und Beseitigungsm\u00f6glichkeit<br \/>Der Nutzer hat jederzeit die M\u00f6glichkeit, seine Einwilligung zur Verarbeitung der personenbezogenen<br \/>Daten zu widerrufen. Nimmt der Nutzer per E-Mail-Kontakt mit uns auf, so kann er der Speicherung<br \/>seiner personenbezogenen Daten jederzeit formlos widersprechen. In einem solchen Fall kann die<br \/>Konversation nicht fortgef\u00fchrt werden. Alle personenbezogenen Daten, die im Zuge der<br \/>Kontaktaufnahme gespeichert wurden,<br \/>werden in diesem Fall gel\u00f6scht.<\/p><p>\u00a0<\/p><p><strong>VI. Verwendung von Skriptbibliotheken (Google Web Fonts)<\/strong><br \/>Damit unsere Inhalte in jedem Browser korrekt und grafisch ansprechend dargestellt werden,<br \/>verwenden wir f\u00fcr diese Webseite Skript- und Schriftbibliotheken wie Google Web Fonts ( https:\/\/<br \/>www.google.com\/webfonts ). Google Web Fonts werden in den Cache Ihres Browsers \u00fcbertragen,<br \/>sodass sie nur einmal geladen werden m\u00fcssen. Wenn Ihr Browser Google Web Fonts nicht unterst\u00fctzt<br \/>oder den Zugriff verweigert, werden die Inhalte in einer Standardschriftart dargestellt.<\/p><p>Beim Aufrufen von Skript- oder Schriftbibliotheken wir automatisch eine Verbindung zum Betreiber<br \/>der Bibliothek hergestellt. Es besteht hierbei theoretisch die M\u00f6glichkeit f\u00fcr diesen Betreiber, Daten<br \/>zu erfassen. Derzeit ist nicht bekannt, ob und zu welchem Zweck die Betreiber der entsprechenden<br \/>Bibliotheken tats\u00e4chlich Daten erfassen.<\/p><p>Hier finden Sie die Datenschutzbestimmungen des Betreibers der Google-Bibliothek: https:\/\/<br \/>www.google.com\/policies\/privacy.<\/p><p>\u00a0<\/p><p><strong>VII.<\/strong> <strong>Lageplan\/ Google Maps<\/strong><br \/>1. \u00a0Umfang der Datenverarbeitung<br \/>Wir nutzen auf unserer Website die Google Maps API, einen Kartendienst der Goolge Inc. (\u201eGoogle\u201c)<br \/>zur Darstellung einer interaktiven Karte. Durch die Nutzung von Google Maps k\u00f6nnen Informationen<br \/>\u00fcber Ihre Benutzung dieser Website (einschlie\u00dflich Ihrer IP-Adresse) an einen Server von Google in<br \/>den USA \u00fcbertragen und dort gespeichert werden. Bitte beachten Sie die Nutzungsbedingungen von<br \/>Google sowie die Datenschutzrichtlinie von Google.<\/p><p>Google wird die erhobenen Daten gegebenenfalls an Dritte \u00fcbertragen, sofern dies gesetzlich<br \/>vorgeschrieben ist oder soweit Dritte diese Daten im Auftrag von Google verarbeiten. Es w\u00e4re<br \/>technisch m\u00f6glich, dass Google aufgrund der erhaltenen Daten eine Identifizierung zumindest<br \/>einzelner Nutzer vornehmen k\u00f6nnte. Es w\u00e4re m\u00f6glich, dass personenbezogene Daten und<br \/>Pers\u00f6nlichkeitsprofile von Nutzern der Website von Google f\u00fcr andere Zwecke verarbeitet werden<br \/>k\u00f6nnten, auf welche wir keinen Einfluss haben.<\/p><p>2. \u00a0Rechtsgrundlage f\u00fcr die Datenverarbeitung<br \/>Rechtsgrundlage f\u00fcr die Verarbeitung der Daten ist Art. 6 Abs. 1 lit. a DSGVO.<\/p><p>3. \u00a0Zweck der Verarbeitung<br \/>Die Nutzung von Google Maps erfolgt zum Zwecke der leichteren Auffindbarkeit der auf unserer<br \/>Website angegebenen Orte.<\/p><p>\u00a0<\/p><p><strong>VIII.<\/strong> <strong>Verwendung von Social Media Plugins<br \/><\/strong>1. \u00a0Umfang der Datenverarbeitung<br \/>Wir nutzen auf unserer Website Social Plugins verschiedener Anbieter. Wenn Sie eine Website von<br \/>uns aufrufen, die ein solches Plugin enth\u00e4lt, baut Ihr Browser eine direkte Verbindung mit den<br \/>Servern des betreffenden Anbieters auf. Der Inhalt des Plugins wird von dem Anbieter direkt an Ihren<br \/>Browser \u00fcbermittelt und von diesem in die Website eingebunden. Durch die Einbindung der Plugins<br \/>erh\u00e4lt der Anbieter die Information, dass Sie die entsprechende Seite unseres Internetauftritts<br \/>aufgerufen haben. Sind Sie bei dem jeweiligen Anbieter eingeloggt, hat dieser die M\u00f6glichkeit, diese<br \/>Information Ihrem Konto zuzuordnen.<\/p><p>Nutzungsbedingungen von Facebook<br \/>Datenschutzrichtlinie von Facebook<br \/>Nutzungsbedingungen von Instagram<br \/>Datenschutzrichtlinie von Instagram<br \/>Nutzungsbedingungen von Youtube<br \/>Datenschutzrichtlinie von Youtube\/Google<\/p><p>2. \u00a0Rechtsgrundlage f\u00fcr die Verarbeitung<br \/>Rechtsgrundlage f\u00fcr die Verarbeitung der Daten ist Art. 6 Abs. 1 lit. a DSGVO.<\/p><p>\u00a0<\/p><p><strong>IX.<\/strong> <strong>Werbung<\/strong><br \/>Wenn Sie auf unsere Webseite zugreifen, schalten wir m\u00f6glicherweise Anzeigen mithilfe von<br \/>Anzeigentechnologie externer Anbieter. Diese Technologie verwendet f\u00fcr die Anzeigenschaltung Ihre<br \/>Nutzungsdaten der Services (z. B. durch die Platzierung von Drittanbieter-Cookies in Ihrem<br \/>Webbrowser).<\/p><p>Sie k\u00f6nnen sich von zahlreichen Anzeigennetzwerken Dritter abmelden, auch von Netzwerken, die<br \/>von Mitgliedern der Network Advertising Initiative (\u201eNAI\u201c) und der Digital Advertising Alliance<br \/>(\u201eDAA\u201c) betrieben werden. Informationen \u00fcber die Vorgehensweise von NAI- und DAA-Mitgliedern,<br \/>\u00fcber Ihre Optionen, die Sie bez\u00fcglich der Verwendung solcher Daten von diesen Unternehmen<br \/>haben, und dar\u00fcber, wie Sie sich aus Anzeigennetzwerken Dritter, die von NAI- und D AA-Mitgliedern<br \/>betrieben werden, abmelden k\u00f6nnen, finden Sie auf der jeweiligen Webseite: http:\/\/<br \/>optout.networkadvertising.org\/#!\/ und http:\/\/optout.aboutads.info\/#!\/ .<br \/><strong>X.<\/strong> Rechte der betroffenen Person<br \/>Werden personenbezogene Daten von Ihnen verarbeitet, sind Sie Betroffener i.S.d. DSGVO und es<br \/>stehen Ihnen folgende Rechte gegen\u00fcber dem Verantwortlichen zu:<\/p><p>1. \u00a0Auskunftsrecht<br \/>Sie k\u00f6nnen von dem Verantwortlichen eine Best\u00e4tigung dar\u00fcber verlangen, ob personenbezogene<br \/>Daten, die Sie betreffen, von uns verarbeitet werden. Liegt eine solche Verarbeitung vor, k\u00f6nnen Sie<br \/>von dem Verantwortlichen \u00fcber folgende Informationen Auskunft verlangen:<br \/>\u2022 die Zwecke, zu denen die personenbezogenen Daten verarbeitet werden;<br \/>\u2022 die Kategorien von personenbezogenen Daten, welche verarbeitet werden;<br \/>\u2022 die Empf\u00e4nger bzw. die Kategorien von Empf\u00e4ngern, gegen\u00fcber denen die Sie<br \/>betreffenden personenbezogenen Daten offengelegt wurden oder noch offengelegt<br \/>werden;<br \/>\u2022 die geplante Dauer der Speicherung der Sie betreffenden personenbezogenen Daten<br \/>oder, falls konkrete Angaben hierzu nicht m\u00f6glich sind, Kriterien f\u00fcr die Festlegung<br \/>der Speicherdauer;<br \/>\u2022 das Bestehen eines Rechts auf Berichtigung oder L\u00f6schung der Sie betreffenden<br \/>personenbezogenen Daten, eines Rechts auf Einschr\u00e4nkung der Verarbeitung durch<br \/>den Verantwortlichen oder eines Widerspruchsrechts gegen diese Verarbeitung;<br \/>\u2022 das Bestehen eines Beschwerderechts bei einer Aufsichtsbeh\u00f6rde;<\/p><p>\u2022 alle verf\u00fcgbaren Informationen \u00fcber die Herkunft der Daten, wenn die<br \/>personenbezogenen Daten nicht bei der betroffenen Person erhoben werden;<br \/>\u2022 das Bestehen einer automatisierten Entscheidungsfindung einschlie\u00dflich Profiling<br \/>gem\u00e4\u00df Art. 22 Abs. 1 und 4 DSGVO und \u2013 zumindest in diesen F\u00e4llen \u2013<br \/>aussagekr\u00e4ftige Informationen \u00fcber die involvierte Logik sowie die Tragweite und die<br \/>angestrebten Auswirkungen einer derartigen Verarbeitung f\u00fcr die betroffene Person.<br \/>Ihnen steht das Recht zu, Auskunft dar\u00fcber zu verlangen, ob die Sie betreffenden<br \/>personenbezogenen Daten in ein Drittland oder an eine internationale Organisation \u00fcbermittelt<br \/>werden. In diesem Zusammenhang k\u00f6nnen Sie verlangen, \u00fcber die geeigneten Garantien gem. Art. 46<br \/>DSGVO im Zusammenhang mit der \u00dcbermittlung unterrichtet zu werden<\/p><p>2. \u00a0Recht auf Berichtigung<br \/>Sie haben ein Recht auf Berichtigung und\/oder Vervollst\u00e4ndigung gegen\u00fcber dem Verantwortlichen,<br \/>sofern die verarbeiteten personenbezogenen Daten, die Sie betreffen, unrichtig oder unvollst\u00e4ndig<br \/>sind. Der Verantwortliche hat die Berichtigung unverz\u00fcglich vorzunehmen.<\/p><p>3. \u00a0Recht auf Einschr\u00e4nkung der Verarbeitung<br \/>Unter den folgenden Voraussetzungen k\u00f6nnen Sie die Einschr\u00e4nkung der Verarbeitung der Sie<br \/>betreffenden personenbezogenen Daten verlangen:<\/p><p>\u2022 wenn Sie die Richtigkeit der Sie betreffenden personenbezogenen f\u00fcr eine Dauer<br \/>bestreiten, die es dem Verantwortlichen erm\u00f6glicht, die Richtigkeit der<br \/>personenbezogenen Daten zu \u00fcberpr\u00fcfen;<br \/>\u2022 die Verarbeitung unrechtm\u00e4\u00dfig ist und Sie die L\u00f6schung der personenbezogenen<br \/>Daten ablehnen und stattdessen die Einschr\u00e4nkung der Nutzung der<br \/>personenbezogenen Daten verlangen;<br \/>\u2022 der Verantwortliche die personenbezogenen Daten f\u00fcr die Zwecke der Verarbeitung<br \/>nicht l\u00e4nger ben\u00f6tigt, Sie diese jedoch zur Geltendmachung, Aus\u00fcbung oder<br \/>Verteidigung von Rechtsanspr\u00fcchen ben\u00f6tigen, oder<br \/>\u2022 wenn Sie Widerspruch gegen die Verarbeitung gem\u00e4\u00df Art. 21 Abs. 1 DSGVO eingelegt<br \/>haben und noch nicht feststeht, ob die berechtigten Gr\u00fcnde des Verantwortlichen<br \/>gegen\u00fcber Ihren Gr\u00fcnden \u00fcberwiegen.<br \/>Wurde die Verarbeitung der Sie betreffenden personenbezogenen Daten eingeschr\u00e4nkt, d\u00fcrfen diese<br \/>Daten \u2013 von ihrer Speicherung abgesehen \u2013 nur mit Ihrer Einwilligung oder zur Geltendmachung,<br \/>Aus\u00fcbung oder Verteidigung von Rechtsanspr\u00fcchen oder zum Schutz der Rechte einer anderen<\/p><p>nat\u00fcrlichen oder juristischen Person oder aus Gr\u00fcnden eines wichtigen \u00f6ffentlichen Interesses der<br \/>Union oder eines Mitgliedstaats verarbeitet werden. Wurde die Einschr\u00e4nkung der Verarbeitung nach<br \/>den o.g. Voraussetzungen eingeschr\u00e4nkt, werden Sie von dem Verantwortlichen unterrichtet bevor<br \/>die Einschr\u00e4nkung aufgehoben wird.<\/p><p>4. Recht auf L\u00f6schung<br \/>a. L\u00f6schungspflicht<br \/>Sie k\u00f6nnen von dem Verantwortlichen verlangen, dass die Sie betreffenden personenbezogenen<br \/>Daten unverz\u00fcglich gel\u00f6scht werden, und der Verantwortliche ist verpflichtet, diese Daten<br \/>unverz\u00fcglich zu l\u00f6schen, sofern einer der folgenden Gr\u00fcnde zutrifft:<\/p><p>\u2022 Die Sie betreffenden personenbezogenen Daten sind f\u00fcr die Zwecke, f\u00fcr die sie erhoben oder<br \/>auf sonstige Weise verarbeitet wurden, nicht mehr notwendig.<br \/>\u2022 Sie widerrufen Ihre Einwilligung, auf die sich die Verarbeitung gem. Art. 6 Abs. 1 lit. a oder<br \/>Art. 9 Abs. 2 lit. a DSGVO st\u00fctzte, und es fehlt an einer anderweitigen Rechtsgrundlage f\u00fcr die<br \/>Verarbeitung.<br \/>\u2022 Sie legen gem. Art. 21 Abs. 1 DSGVO Widerspruch gegen die Verarbeitung ein und es liegen<br \/>keine vorrangigen berechtigten Gr\u00fcnde f\u00fcr die Verarbeitung vor, oder Sie legen gem. Art. 21<br \/>Abs. 2 DSGVO Widerspruch gegen die Verarbeitung ein.<br \/>\u2022 Die Sie betreffenden personenbezogenen Daten wurden unrechtm\u00e4\u00dfig verarbeitet.<br \/>\u2022 Die L\u00f6schung der Sie betreffenden personenbezogenen Daten ist zur Erf\u00fcllung einer<br \/>rechtlichen Verpflichtung nach dem Unionsrecht oder dem Recht der Mitgliedstaaten<br \/>erforderlich, dem der Verantwortliche unterliegt.<br \/>\u2022 Die Sie betreffenden personenbezogenen Daten wurden in Bezug auf angebotene Dienste der<br \/>Informationsgesellschaft gem\u00e4\u00df Art. 8 Abs. 1 DSGVO erhoben.<\/p><p>b. Information an Dritte<br \/>Hat der Verantwortliche die Sie betreffenden personenbezogenen Daten \u00f6ffentlich gemacht und ist er<br \/>gem. Art. 17 Abs. 1 DSGVO zu deren L\u00f6schung verpflichtet, so trifft er unter Ber\u00fccksichtigung der<br \/>verf\u00fcgbaren Technologie und der Implementierungskosten angemessene Ma\u00dfnahmen, auch<br \/>technischer Art, um f\u00fcr die Datenverarbeitung<br \/>Verantwortliche, die die personenbezogenen Daten verarbeiten, dar\u00fcber zu informieren, dass Sie als<br \/>betroffene Person von ihnen die L\u00f6schung aller Links zu diesen personenbezogenen Daten oder von<br \/>Kopien oder Replikationen dieser personenbezogenen Daten verlangt haben.<br \/>c. Ausnahmen<br \/>Das Recht auf L\u00f6schung besteht nicht, soweit die Verarbeitung erforderlich ist<\/p><p>\u2022 zur Aus\u00fcbung des Rechts auf freie Meinungs\u00e4u\u00dferung und Information;<br \/>\u2022 zur Erf\u00fcllung einer rechtlichen Verpflichtung, die die Verarbeitung nach dem Recht der Union<br \/>oder der Mitgliedstaaten, dem der Verantwortliche unterliegt, erfordert, oder zur<br \/>Wahrnehmung einer Aufgabe, die im \u00f6ffentlichen Interesse liegt oder in Aus\u00fcbung<br \/>\u00f6ffentlicher Gewalt erfolgt, die dem Verantwortlichen \u00fcbertragen wurde;<br \/>\u2022 aus Gr\u00fcnden des \u00f6ffentlichen Interesses im Bereich der \u00f6ffentlichen Gesundheit gem\u00e4\u00df Art. 9<br \/>Abs. 2 lit. h und i sowie Art. 9 Abs. 3 DSGVO;<br \/>\u2022 f\u00fcr im \u00f6ffentlichen Interesse liegende Archivzwecke, wissenschaftliche oder historische<br \/>Forschungszwecke oder f\u00fcr statistische Zwecke gem. Art. 89 Abs. 1 DSGVO, soweit das unter<br \/>Abschnitt a) genannte Recht voraussichtlich die Verwirklichung der Ziele dieser Verarbeitung<br \/>unm\u00f6glich macht oder ernsthaft beeintr\u00e4chtigt, oder<br \/>\u2022 zur Geltendmachung, Aus\u00fcbung oder Verteidigung von Rechtsanspr\u00fcchen.<\/p><p>5. \u00a0Recht auf Unterrichtung<br \/>Haben Sie das Recht auf Berichtigung, L\u00f6schung oder Einschr\u00e4nkung der Verarbeitung gegen\u00fcber<br \/>dem Verantwortlichen geltend gemacht, ist dieser verpflichtet, allen Empf\u00e4ngern, denen die Sie<br \/>betreffenden personenbezogenen Daten offengelegt wurden, diese Berichtigung oder L\u00f6schung der<br \/>Daten oder Einschr\u00e4nkung der Verarbeitung mitzuteilen, es sei denn, dies erweist sich als unm\u00f6glich<br \/>oder ist mit einem unverh\u00e4ltnism\u00e4\u00dfigen Aufwand verbunden. Ihnen steht gegen\u00fcber dem<br \/>Verantwortlichen das Recht zu, \u00fcber diese Empf\u00e4nger<br \/>unterrichtet zu werden.<\/p><p>6. \u00a0Recht auf Daten\u00fcbertragbarkeit<br \/>Sie haben das Recht, die Sie betreffenden personenbezogenen Daten, die Sie dem Verantwortlichen<br \/>bereitgestellt haben, in einem strukturierten, g\u00e4ngigen und maschinenlesbaren Format zu erhalten.<br \/>Au\u00dferdem haben Sie das Recht diese Daten einem anderen Verantwortlichen ohne Behinderung<br \/>durch den Verantwortlichen, dem die<br \/>personenbezogenen Daten bereitgestellt wurden, zu \u00fcbermitteln, sofern<\/p><p>\u2022 die Verarbeitung auf einer Einwilligung gem. Art. 6 Abs. 1 lit. a DSGVO oder Art. 9 Abs. 2 lit. a<br \/>DSGVO oder auf einem Vertrag gem. Art. 6 Abs. 1 lit. b DSGVO beruht und<br \/>\u2022 die Verarbeitung mithilfe automatisierter Verfahren erfolgt.<br \/>In Aus\u00fcbung dieses Rechts haben Sie ferner das Recht, zu erwirken, dass die Sie betreffenden<br \/>personenbezogenen Daten direkt von einem Verantwortlichen einem anderen Verantwortlichen<br \/>\u00fcbermittelt werden, soweit dies technisch machbar ist. Freiheiten und Rechte anderer Personen<br \/>d\u00fcrfen hierdurch nicht beeintr\u00e4chtigt werden. Das Recht auf Daten\u00fcbertragbarkeit gilt nicht f\u00fcr eine<br \/>Verarbeitung personenbezogener Daten, die f\u00fcr die Wahrnehmung einer Aufgabe erforderlich ist, die<\/p><p>im \u00f6ffentlichen Interesse liegt oder in Aus\u00fcbung \u00f6ffentlicher Gewalt erfolgt, die dem<br \/>Verantwortlichen \u00fcbertragen wurde.<\/p><p>7. \u00a0Widerspruchsrecht<br \/>Sie haben das Recht, aus Gr\u00fcnden, die sich aus ihrer besonderen Situation ergeben, jederzeit gegen<br \/>die Verarbeitung der Sie betreffenden personenbezogenen Daten, die aufgrund von Art. 6 Abs. 1 lit. e<br \/>oder f DSGVO erfolgt, Widerspruch einzulegen; dies gilt auch f\u00fcr ein auf diese Bestimmungen<br \/>gest\u00fctztes Profiling. Der Verantwortliche verarbeitet die Sie betreffenden personenbezogenen Daten<br \/>nicht mehr, es sei denn, er kann zwingende schutzw\u00fcrdige Gr\u00fcnde f\u00fcr die Verarbeitung nachweisen,<br \/>die Ihre Interessen, Rechte und Freiheiten \u00fcberwiegen, oder die Verarbeitung dient der<br \/>Geltendmachung, Aus\u00fcbung oder Verteidigung von Rechtsanspr\u00fcchen.<br \/>Werden die Sie betreffenden personenbezogenen Daten verarbeitet, um Direktwerbung zu betreiben,<br \/>haben Sie das Recht, jederzeit Widerspruch gegen die Verarbeitung der Sie betreffenden<br \/>personenbezogenen Daten zum Zwecke derartiger Werbung einzulegen; dies gilt auch f\u00fcr das<br \/>Profiling, soweit es mit solcher Direktwerbung in Verbindung steht. Widersprechen Sie der<br \/>Verarbeitung f\u00fcr Zwecke der Direktwerbung, so werden die Sie<br \/>betreffenden personenbezogenen Daten nicht mehr f\u00fcr diese Zwecke verarbeitet. Sie haben die<br \/>M\u00f6glichkeit, im Zusammenhang mit der Nutzung von Diensten der Informationsgesellschaft \u2013<br \/>ungeachtet der Richtlinie 2002\/58\/EG \u2013 Ihr Widerspruchsrecht mittels automatisierter Verfahren<br \/>auszu\u00fcben, bei denen technische Spezifikationen<br \/>verwendet werden. Bei Datenverarbeitung zu wissenschaftlichen, historischen oder statistischen<br \/>Forschungszwecken: Sie haben auch das Recht, aus Gr\u00fcnden, die sich aus Ihrer besonderen Situation<br \/>ergeben, bei der Verarbeitung Sie betreffender personenbezogener Daten, die zu wissenschaftlichen<br \/>oder historischen Forschungszwecken oder zu statistischen Zwecken gem. Art. 89 Abs. 1 DSGVO<br \/>erfolgt, dieser zu widersprechen.<\/p><p>Ihr Widerspruchsrecht kann insoweit beschr\u00e4nkt werden, als es voraussichtlich die Verwirklichung der<br \/>Forschungs- oder Statistikzwecke unm\u00f6glich macht oder ernsthaft beeintr\u00e4chtigt und die<br \/>Beschr\u00e4nkung f\u00fcr die Erf\u00fcllung der Forschungs- oder Statistikzwecke notwendig ist.<\/p><p>8. \u00a0Recht auf Widerruf der datenschutzrechtlichen Einwilligungserkl\u00e4rung<br \/>Sie haben das Recht, Ihre datenschutzrechtliche Einwilligungserkl\u00e4rung jederzeit zu widerrufen.<br \/>Durch den Widerruf der Einwilligung wird die Rechtm\u00e4\u00dfigkeit der aufgrund der Einwilligung bis zum<br \/>Widerruf erfolgten Verarbeitung nicht ber\u00fchrt.<\/p><p>9. \u00a0Recht auf Beschwerde bei einer Aufsichtsbeh\u00f6rde<br \/>Unbeschadet eines anderweitigen verwaltungsrechtlichen oder gerichtlichen Rechtsbehelfs steht<br \/>Ihnen das Recht auf Beschwerde bei einer Aufsichtsbeh\u00f6rde, insbesondere in dem Mitgliedstaat ihres<br \/>Aufenthaltsorts, ihres Arbeitsplatzes oder des Orts des mutma\u00dflichen Versto\u00dfes, zu, wenn Sie der<br \/>Ansicht sind, dass die Verarbeitung der Sie betreffenden personenbezogenen Daten gegen die DSGVO<br \/>verst\u00f6\u00dft. Die Aufsichtsbeh\u00f6rde, bei der die Beschwerde eingereicht wurde, unterrichtet den<\/p><p>Beschwerdef\u00fchrer \u00fcber den Stand und die Ergebnisse der Beschwerde einschlie\u00dflich der M\u00f6glichkeit<br \/>eines gerichtlichen Rechtsbehelfs nach Art. 78 DSGVO.<\/p><p><strong>XI.<\/strong> <strong>Aktualisierungen oder \u00c4nderungen dieser Datenschutzbestimmungen<\/strong><br \/>Wir behalten uns das Recht vor, diese Datenschutzbestimmungen von Zeit zu Zeit zu \u00e4ndern oder zu<br \/>pr\u00fcfen. Sie finden das Datum der aktuellen Version unter \u201eZuletzt ge\u00e4ndert am\u201c. Ihre fortgesetzte<br \/>Nutzung der Plattform nach der Bekanntmachung solcher \u00c4nderungen auf unserer Webseite stellt<br \/>Ihre Zustimmung zu solchen \u00c4nderungen an den Datenschutzbestimmungen dar und gilt als Ihr<br \/>Einverst\u00e4ndnis der Bindung an die ge\u00e4nderten Bestimmungen.<\/p><p>So erreichen Sie uns<br \/>Wenden Sie sich bei allgemeinen Fragen zur Webseite, zu den von uns \u00fcber Sie erfassten Daten oder<br \/>der Verwendung dieser Daten an: info@katrin-maier.com\u00a0<\/p><p>\u00a0<\/p><p>Zuletzt ge\u00e4ndert am 24.01.2023<\/p>\t\t\t\t\t\t\t\t<\/div>\n\t\t\t\t<\/div>\n\t\t\t\t\t<\/div>\n\t\t<\/div>\n\t\t\t\t\t<\/div>\n\t\t<\/section>\n\t\t\t\t<\/div>\n\t\t","protected":false},"excerpt":{"rendered":"<p>Datenschutz I. Name und Anschrift des VerantwortlichenDer Verantwortliche im Sinne der Datenschutz-Grundverordnung und anderer nationalerDatenschutzgesetze der Mitgliedsstaaten sowie sonstiger datenschutzrechtlicher Bestimmungen ist: \u00a0 Frau Katrin MaierFredersdorferstr. 1010243 BerlinE-Mail: info@katrin-maier.com \u00a0 II. Allgemeines zur Datenverarbeitung 1. \u00a0Umfang der Verarbeitung personenbezogener DatenWir verarbeiten personenbezogene Daten unserer Nutzer grunds\u00e4tzlich nur, soweit dies zurBereitstellung einer funktionsf\u00e4higen Website sowie unserer [&hellip;]<\/p>\n","protected":false},"author":1,"featured_media":0,"parent":0,"menu_order":0,"comment_status":"closed","ping_status":"closed","template":"","meta":{"site-sidebar-layout":"no-sidebar","site-content-layout":"page-builder","ast-site-content-layout":"full-width-container","site-content-style":"default","site-sidebar-style":"default","ast-global-header-display":"","ast-banner-title-visibility":"","ast-main-header-display":"","ast-hfb-above-header-display":"","ast-hfb-below-header-display":"","ast-hfb-mobile-header-display":"","site-post-title":"disabled","ast-breadcrumbs-content":"","ast-featured-img":"disabled","footer-sml-layout":"","ast-disable-related-posts":"","theme-transparent-header-meta":"","adv-header-id-meta":"","stick-header-meta":"","header-above-stick-meta":"","header-main-stick-meta":"","header-below-stick-meta":"","astra-migrate-meta-layouts":"set","ast-page-background-enabled":"default","ast-page-background-meta":{"desktop":{"background-color":"var(--ast-global-color-4)","background-image":"","background-repeat":"repeat","background-position":"center center","background-size":"auto","background-attachment":"scroll","background-type":"","background-media":"","overlay-type":"","overlay-color":"","overlay-opacity":"","overlay-gradient":""},"tablet":{"background-color":"","background-image":"","background-repeat":"repeat","background-position":"center center","background-size":"auto","background-attachment":"scroll","background-type":"","background-media":"","overlay-type":"","overlay-color":"","overlay-opacity":"","overlay-gradient":""},"mobile":{"background-color":"","background-image":"","background-repeat":"repeat","background-position":"center center","background-size":"auto","background-attachment":"scroll","background-type":"","background-media":"","overlay-type":"","overlay-color":"","overlay-opacity":"","overlay-gradient":""}},"ast-content-background-meta":{"desktop":{"background-color":"var(--ast-global-color-5)","background-image":"","background-repeat":"repeat","background-position":"center center","background-size":"auto","background-attachment":"scroll","background-type":"","background-media":"","overlay-type":"","overlay-color":"","overlay-opacity":"","overlay-gradient":""},"tablet":{"background-color":"var(--ast-global-color-5)","background-image":"","background-repeat":"repeat","background-position":"center center","background-size":"auto","background-attachment":"scroll","background-type":"","background-media":"","overlay-type":"","overlay-color":"","overlay-opacity":"","overlay-gradient":""},"mobile":{"background-color":"var(--ast-global-color-5)","background-image":"","background-repeat":"repeat","background-position":"center center","background-size":"auto","background-attachment":"scroll","background-type":"","background-media":"","overlay-type":"","overlay-color":"","overlay-opacity":"","overlay-gradient":""}},"footnotes":""},"class_list":["post-16909","page","type-page","status-publish","hentry"],"_links":{"self":[{"href":"https:\/\/katrin-maier.com\/index.php\/wp-json\/wp\/v2\/pages\/16909","targetHints":{"allow":["GET"]}}],"collection":[{"href":"https:\/\/katrin-maier.com\/index.php\/wp-json\/wp\/v2\/pages"}],"about":[{"href":"https:\/\/katrin-maier.com\/index.php\/wp-json\/wp\/v2\/types\/page"}],"author":[{"embeddable":true,"href":"https:\/\/katrin-maier.com\/index.php\/wp-json\/wp\/v2\/users\/1"}],"replies":[{"embeddable":true,"href":"https:\/\/katrin-maier.com\/index.php\/wp-json\/wp\/v2\/comments?post=16909"}],"version-history":[{"count":16,"href":"https:\/\/katrin-maier.com\/index.php\/wp-json\/wp\/v2\/pages\/16909\/revisions"}],"predecessor-version":[{"id":16974,"href":"https:\/\/katrin-maier.com\/index.php\/wp-json\/wp\/v2\/pages\/16909\/revisions\/16974"}],"wp:attachment":[{"href":"https:\/\/katrin-maier.com\/index.php\/wp-json\/wp\/v2\/media?parent=16909"}],"curies":[{"name":"wp","href":"https:\/\/api.w.org\/{rel}","templated":true}]}}